{"id":25748,"date":"2024-01-19T12:10:41","date_gmt":"2024-01-19T12:10:41","guid":{"rendered":"https:\/\/decoluxe.es\/paysagistes\/"},"modified":"2024-02-02T12:01:19","modified_gmt":"2024-02-02T12:01:19","slug":"paysagistes","status":"publish","type":"page","link":"https:\/\/decoluxeinteriordesign.com\/fr\/paysagistes\/","title":{"rendered":"Paysagistes"},"content":{"rendered":"\t\t<div data-elementor-type=\"wp-page\" data-elementor-id=\"25748\" class=\"elementor elementor-25748 elementor-25744\" data-elementor-post-type=\"page\">\n\t\t\t\t<div class=\"elementor-element elementor-element-3c8b3f93 e-con-full e-flex e-con e-parent\" data-id=\"3c8b3f93\" data-element_type=\"container\" data-settings=\"{&quot;background_background&quot;:&quot;classic&quot;}\">\n\t\t<div class=\"elementor-element elementor-element-164ac854 e-con-full e-flex e-con e-child\" data-id=\"164ac854\" data-element_type=\"container\" data-settings=\"{&quot;background_background&quot;:&quot;classic&quot;}\">\n\t\t<div class=\"elementor-element elementor-element-4280b4f0 e-flex e-con-boxed e-con e-child\" data-id=\"4280b4f0\" data-element_type=\"container\">\n\t\t\t\t\t<div class=\"e-con-inner\">\n\t\t\t\t<div class=\"elementor-element elementor-element-5e220eaa elementor-widget__width-initial elementor-widget elementor-widget-text-editor\" data-id=\"5e220eaa\" data-element_type=\"widget\" data-widget_type=\"text-editor.default\">\n\t\t\t\t<div class=\"elementor-widget-container\">\n\t\t\t\t\t\t\t<p>Paysagistes<\/p>\n\t\t\t\t\t\t<\/div>\n\t\t\t\t<\/div>\n\t\t\t\t\t<\/div>\n\t\t\t\t<\/div>\n\t\t<div class=\"elementor-element elementor-element-5ee83a98 e-flex e-con-boxed e-con e-child\" data-id=\"5ee83a98\" data-element_type=\"container\" data-settings=\"{&quot;background_background&quot;:&quot;classic&quot;}\">\n\t\t\t\t\t<div class=\"e-con-inner\">\n\t\t\t\t<div class=\"elementor-element elementor-element-34bc17cd elementor-widget elementor-widget-image\" data-id=\"34bc17cd\" data-element_type=\"widget\" data-widget_type=\"image.default\">\n\t\t\t\t<div class=\"elementor-widget-container\">\n\t\t\t\t\t\t\t\t\t\t\t\t\t<img fetchpriority=\"high\" decoding=\"async\" width=\"1684\" height=\"1684\" src=\"https:\/\/decoluxeinteriordesign.com\/wp-content\/uploads\/2023\/09\/Circulo.png\" class=\"attachment-full size-full wp-image-1047\" alt=\"\" srcset=\"https:\/\/decoluxeinteriordesign.com\/wp-content\/uploads\/2023\/09\/Circulo.png 1684w, https:\/\/decoluxeinteriordesign.com\/wp-content\/uploads\/2023\/09\/Circulo-300x300.png 300w, https:\/\/decoluxeinteriordesign.com\/wp-content\/uploads\/2023\/09\/Circulo-1024x1024.png 1024w, https:\/\/decoluxeinteriordesign.com\/wp-content\/uploads\/2023\/09\/Circulo-150x150.png 150w, https:\/\/decoluxeinteriordesign.com\/wp-content\/uploads\/2023\/09\/Circulo-768x768.png 768w, https:\/\/decoluxeinteriordesign.com\/wp-content\/uploads\/2023\/09\/Circulo-1536x1536.png 1536w\" sizes=\"(max-width: 1684px) 100vw, 1684px\" \/>\t\t\t\t\t\t\t\t\t\t\t\t\t<\/div>\n\t\t\t\t<\/div>\n\t\t\t\t\t<\/div>\n\t\t\t\t<\/div>\n\t\t<div class=\"elementor-element elementor-element-1e9d8a74 e-flex e-con-boxed e-con e-child\" data-id=\"1e9d8a74\" data-element_type=\"container\">\n\t\t\t\t\t<div class=\"e-con-inner\">\n\t\t\t\t<div class=\"elementor-element elementor-element-361f23f2 elementor-widget__width-initial elementor-widget elementor-widget-text-editor\" data-id=\"361f23f2\" data-element_type=\"widget\" data-widget_type=\"text-editor.default\">\n\t\t\t\t<div class=\"elementor-widget-container\">\n\t\t\t\t\t\t\t<p>Chez <strong>Landscapers<\/strong>, chaque projet est un chef-d&rsquo;\u0153uvre personnalis\u00e9. De la planification \u00e0 la mise en \u0153uvre, leur engagement est de donner vie <strong>\u00e0 vos id\u00e9es<\/strong> avec cr\u00e9ativit\u00e9 et professionnalisme.<\/p>\n\t\t\t\t\t\t<\/div>\n\t\t\t\t<\/div>\n\t\t\t\t\t<\/div>\n\t\t\t\t<\/div>\n\t\t\t\t<\/div>\n\t\t\t\t<\/div>\n\t\t<div class=\"elementor-element elementor-element-4c56f635 e-flex e-con-boxed e-con e-parent\" data-id=\"4c56f635\" data-element_type=\"container\">\n\t\t\t\t\t<div class=\"e-con-inner\">\n\t\t\t\t\t<\/div>\n\t\t\t\t<\/div>\n\t\t<div class=\"elementor-element elementor-element-69e9ae8e e-flex e-con-boxed e-con e-parent\" data-id=\"69e9ae8e\" data-element_type=\"container\">\n\t\t\t\t\t<div class=\"e-con-inner\">\n\t\t\t\t<div class=\"elementor-element elementor-element-75e30ac2 elementor-widget elementor-widget-image\" data-id=\"75e30ac2\" data-element_type=\"widget\" data-widget_type=\"image.default\">\n\t\t\t\t<div class=\"elementor-widget-container\">\n\t\t\t\t\t\t\t\t\t\t\t\t\t<img fetchpriority=\"high\" decoding=\"async\" width=\"1684\" height=\"1684\" src=\"https:\/\/decoluxeinteriordesign.com\/wp-content\/uploads\/2023\/09\/Circulo.png\" class=\"attachment-full size-full wp-image-1047\" alt=\"\" srcset=\"https:\/\/decoluxeinteriordesign.com\/wp-content\/uploads\/2023\/09\/Circulo.png 1684w, https:\/\/decoluxeinteriordesign.com\/wp-content\/uploads\/2023\/09\/Circulo-300x300.png 300w, https:\/\/decoluxeinteriordesign.com\/wp-content\/uploads\/2023\/09\/Circulo-1024x1024.png 1024w, https:\/\/decoluxeinteriordesign.com\/wp-content\/uploads\/2023\/09\/Circulo-150x150.png 150w, https:\/\/decoluxeinteriordesign.com\/wp-content\/uploads\/2023\/09\/Circulo-768x768.png 768w, https:\/\/decoluxeinteriordesign.com\/wp-content\/uploads\/2023\/09\/Circulo-1536x1536.png 1536w\" sizes=\"(max-width: 1684px) 100vw, 1684px\" \/>\t\t\t\t\t\t\t\t\t\t\t\t\t<\/div>\n\t\t\t\t<\/div>\n\t\t\t\t\t<\/div>\n\t\t\t\t<\/div>\n\t\t<div class=\"elementor-element elementor-element-7112dac3 e-flex e-con-boxed e-con e-parent\" data-id=\"7112dac3\" data-element_type=\"container\">\n\t\t\t\t\t<div class=\"e-con-inner\">\n\t\t\t\t<div class=\"elementor-element elementor-element-1ee3f35b elementor-widget__width-initial elementor-widget elementor-widget-text-editor\" data-id=\"1ee3f35b\" data-element_type=\"widget\" data-widget_type=\"text-editor.default\">\n\t\t\t\t<div class=\"elementor-widget-container\">\n\t\t\t\t\t\t\t<p><strong>Sp\u00e9cialis\u00e9e dans la conception de jardins<\/strong>, l&rsquo;\u00e9quipe d&rsquo;experts en am\u00e9nagement paysager de Landscapers travaille sans rel\u00e2che pour concr\u00e9tiser les visions de ses clients. De la planification \u00e0 l&rsquo;ex\u00e9cution, ils s&rsquo;engagent \u00e0 fournir des <strong>solutions de haute qualit\u00e9 qui mettent en valeur la beaut\u00e9 naturelle de chaque propri\u00e9t\u00e9<\/strong>.<\/p>\n<p>La philosophie de Landscapers est ax\u00e9e sur la <strong>durabilit\u00e9 environnementale<\/strong>. Gr\u00e2ce \u00e0 des pratiques \u00e9cologiques, ils con\u00e7oivent des jardins qui ne se contentent pas d&rsquo;\u00e9blouir, mais qui <strong>respectent l&rsquo;environnement<\/strong>. Les services ne se limitent pas \u00e0 la conception, mais comprennent \u00e9galement l&rsquo;entretien du paysage afin de garantir que chaque investissement s&rsquo;\u00e9panouisse au mieux au fil du temps.<\/p>\n\t\t\t\t\t\t<\/div>\n\t\t\t\t<\/div>\n\t\t\t\t\t<\/div>\n\t\t\t\t<\/div>\n\t\t<div class=\"elementor-element elementor-element-65d79eb9 e-flex e-con-boxed e-con e-parent\" data-id=\"65d79eb9\" data-element_type=\"container\">\n\t\t\t\t\t<div class=\"e-con-inner\">\n\t\t\t\t<div class=\"elementor-element elementor-element-1c2cfd29 elementor-widget elementor-widget-spacer\" data-id=\"1c2cfd29\" data-element_type=\"widget\" data-widget_type=\"spacer.default\">\n\t\t\t\t<div class=\"elementor-widget-container\">\n\t\t\t\t\t<div class=\"elementor-spacer\">\n\t\t\t<div class=\"elementor-spacer-inner\"><\/div>\n\t\t<\/div>\n\t\t\t\t<\/div>\n\t\t\t\t<\/div>\n\t\t\t\t\t<\/div>\n\t\t\t\t<\/div>\n\t\t<div class=\"elementor-element elementor-element-b364749 e-con-full e-flex e-con e-parent\" data-id=\"b364749\" data-element_type=\"container\">\n\t\t\t\t<div class=\"elementor-element elementor-element-0658a9e elementor-widget elementor-widget-gallery\" data-id=\"0658a9e\" data-element_type=\"widget\" data-settings=\"{&quot;gap&quot;:{&quot;unit&quot;:&quot;px&quot;,&quot;size&quot;:1,&quot;sizes&quot;:[]},&quot;aspect_ratio&quot;:&quot;1:1&quot;,&quot;overlay_title&quot;:&quot;caption&quot;,&quot;lazyload&quot;:&quot;yes&quot;,&quot;gallery_layout&quot;:&quot;grid&quot;,&quot;columns&quot;:4,&quot;columns_tablet&quot;:2,&quot;columns_mobile&quot;:1,&quot;gap_tablet&quot;:{&quot;unit&quot;:&quot;px&quot;,&quot;size&quot;:10,&quot;sizes&quot;:[]},&quot;gap_mobile&quot;:{&quot;unit&quot;:&quot;px&quot;,&quot;size&quot;:10,&quot;sizes&quot;:[]},&quot;link_to&quot;:&quot;file&quot;,&quot;overlay_background&quot;:&quot;yes&quot;,&quot;content_hover_animation&quot;:&quot;fade-in&quot;}\" data-widget_type=\"gallery.default\">\n\t\t\t\t<div class=\"elementor-widget-container\">\n\t\t\t\t\t<div class=\"elementor-gallery__container\">\n\t\t\t\t\t\t\t<a class=\"e-gallery-item elementor-gallery-item elementor-animated-content\" href=\"https:\/\/decoluxeinteriordesign.com\/wp-content\/uploads\/2024\/01\/LANDSCAPERS-PAISAJISMO-EN-GRANADA.jpg\" data-elementor-open-lightbox=\"yes\" data-elementor-lightbox-slideshow=\"0658a9e\" data-elementor-lightbox-title=\"PAISAJISMO EN GRANADA\" data-e-action-hash=\"#elementor-action%3Aaction%3Dlightbox%26settings%3DeyJpZCI6MjU3MjYsInVybCI6Imh0dHBzOlwvXC9kZWNvbHV4ZWludGVyaW9yZGVzaWduLmNvbVwvd3AtY29udGVudFwvdXBsb2Fkc1wvMjAyNFwvMDFcL0xBTkRTQ0FQRVJTLVBBSVNBSklTTU8tRU4tR1JBTkFEQS5qcGciLCJzbGlkZXNob3ciOiIwNjU4YTllIn0%3D\">\n\t\t\t\t\t<div class=\"e-gallery-image elementor-gallery-item__image\" data-thumbnail=\"https:\/\/decoluxeinteriordesign.com\/wp-content\/uploads\/2024\/01\/LANDSCAPERS-PAISAJISMO-EN-GRANADA.jpg\" data-width=\"2295\" data-height=\"1537\" aria-label=\"\" role=\"img\" ><\/div>\n\t\t\t\t\t\t\t\t\t\t\t<div class=\"elementor-gallery-item__overlay\"><\/div>\n\t\t\t\t\t\t\t\t\t\t\t\t\t\t\t<div class=\"elementor-gallery-item__content\">\n\t\t\t\t\t\t\t\t\t\t\t\t\t\t<div class=\"elementor-gallery-item__title\">\n\t\t\t\t\t\t\t\t\t\t\t\t\t\t\t\t\t\tPAISAJISMO EN GRANADA\t\t\t\t\t\t\t\t<\/div>\n\t\t\t\t\t\t\t\t\t\t\t\t<\/div>\n\t\t\t\t\t\t\t\t\t<\/a>\n\t\t\t\t\t\t\t<a class=\"e-gallery-item elementor-gallery-item elementor-animated-content\" href=\"https:\/\/decoluxeinteriordesign.com\/wp-content\/uploads\/2024\/01\/LANDSCAPERS-JARDIN-VERTICAL-TORRENUEVA.jpg\" data-elementor-open-lightbox=\"yes\" data-elementor-lightbox-slideshow=\"0658a9e\" data-elementor-lightbox-title=\"JARD\u00cdN VERTICAL TORRENUEVA\" data-e-action-hash=\"#elementor-action%3Aaction%3Dlightbox%26settings%3DeyJpZCI6MjU3MjIsInVybCI6Imh0dHBzOlwvXC9kZWNvbHV4ZWludGVyaW9yZGVzaWduLmNvbVwvd3AtY29udGVudFwvdXBsb2Fkc1wvMjAyNFwvMDFcL0xBTkRTQ0FQRVJTLUpBUkRJTi1WRVJUSUNBTC1UT1JSRU5VRVZBLmpwZyIsInNsaWRlc2hvdyI6IjA2NThhOWUifQ%3D%3D\">\n\t\t\t\t\t<div class=\"e-gallery-image elementor-gallery-item__image\" data-thumbnail=\"https:\/\/decoluxeinteriordesign.com\/wp-content\/uploads\/2024\/01\/LANDSCAPERS-JARDIN-VERTICAL-TORRENUEVA.jpg\" data-width=\"2560\" data-height=\"1714\" aria-label=\"\" role=\"img\" ><\/div>\n\t\t\t\t\t\t\t\t\t\t\t<div class=\"elementor-gallery-item__overlay\"><\/div>\n\t\t\t\t\t\t\t\t\t\t\t\t\t\t\t<div class=\"elementor-gallery-item__content\">\n\t\t\t\t\t\t\t\t\t\t\t\t\t\t<div class=\"elementor-gallery-item__title\">\n\t\t\t\t\t\t\t\t\t\t\t\t\t\t\t\t\t\tJARD\u00cdN VERTICAL TORRENUEVA\t\t\t\t\t\t\t\t<\/div>\n\t\t\t\t\t\t\t\t\t\t\t\t<\/div>\n\t\t\t\t\t\t\t\t\t<\/a>\n\t\t\t\t\t\t\t<a class=\"e-gallery-item elementor-gallery-item elementor-animated-content\" href=\"https:\/\/decoluxeinteriordesign.com\/wp-content\/uploads\/2024\/01\/LANDSCAPERS-JARDIN-VERTICAL-MARBELLA.jpg\" data-elementor-open-lightbox=\"yes\" data-elementor-lightbox-slideshow=\"0658a9e\" data-elementor-lightbox-title=\"JARD\u00cdN VERTICAL MARBELLA\" data-e-action-hash=\"#elementor-action%3Aaction%3Dlightbox%26settings%3DeyJpZCI6MjU3MTgsInVybCI6Imh0dHBzOlwvXC9kZWNvbHV4ZWludGVyaW9yZGVzaWduLmNvbVwvd3AtY29udGVudFwvdXBsb2Fkc1wvMjAyNFwvMDFcL0xBTkRTQ0FQRVJTLUpBUkRJTi1WRVJUSUNBTC1NQVJCRUxMQS5qcGciLCJzbGlkZXNob3ciOiIwNjU4YTllIn0%3D\">\n\t\t\t\t\t<div class=\"e-gallery-image elementor-gallery-item__image\" data-thumbnail=\"https:\/\/decoluxeinteriordesign.com\/wp-content\/uploads\/2024\/01\/LANDSCAPERS-JARDIN-VERTICAL-MARBELLA.jpg\" data-width=\"1225\" data-height=\"801\" aria-label=\"\" role=\"img\" ><\/div>\n\t\t\t\t\t\t\t\t\t\t\t<div class=\"elementor-gallery-item__overlay\"><\/div>\n\t\t\t\t\t\t\t\t\t\t\t\t\t\t\t<div class=\"elementor-gallery-item__content\">\n\t\t\t\t\t\t\t\t\t\t\t\t\t\t<div class=\"elementor-gallery-item__title\">\n\t\t\t\t\t\t\t\t\t\t\t\t\t\t\t\t\t\tJARD\u00cdN VERTICAL MARBELLA\t\t\t\t\t\t\t\t<\/div>\n\t\t\t\t\t\t\t\t\t\t\t\t<\/div>\n\t\t\t\t\t\t\t\t\t<\/a>\n\t\t\t\t\t\t\t<a class=\"e-gallery-item elementor-gallery-item elementor-animated-content\" href=\"https:\/\/decoluxeinteriordesign.com\/wp-content\/uploads\/2024\/01\/LANDSCAPERS-JARDIN-JAPONES-CON-HUERTO.jpg\" data-elementor-open-lightbox=\"yes\" data-elementor-lightbox-slideshow=\"0658a9e\" data-elementor-lightbox-title=\"JARD\u00cdN JAPON\u00c9S CON HUERTO\" data-e-action-hash=\"#elementor-action%3Aaction%3Dlightbox%26settings%3DeyJpZCI6MjU3MTQsInVybCI6Imh0dHBzOlwvXC9kZWNvbHV4ZWludGVyaW9yZGVzaWduLmNvbVwvd3AtY29udGVudFwvdXBsb2Fkc1wvMjAyNFwvMDFcL0xBTkRTQ0FQRVJTLUpBUkRJTi1KQVBPTkVTLUNPTi1IVUVSVE8uanBnIiwic2xpZGVzaG93IjoiMDY1OGE5ZSJ9\">\n\t\t\t\t\t<div class=\"e-gallery-image elementor-gallery-item__image\" data-thumbnail=\"https:\/\/decoluxeinteriordesign.com\/wp-content\/uploads\/2024\/01\/LANDSCAPERS-JARDIN-JAPONES-CON-HUERTO.jpg\" data-width=\"864\" data-height=\"575\" aria-label=\"\" role=\"img\" ><\/div>\n\t\t\t\t\t\t\t\t\t\t\t<div class=\"elementor-gallery-item__overlay\"><\/div>\n\t\t\t\t\t\t\t\t\t\t\t\t\t\t\t<div class=\"elementor-gallery-item__content\">\n\t\t\t\t\t\t\t\t\t\t\t\t\t\t<div class=\"elementor-gallery-item__title\">\n\t\t\t\t\t\t\t\t\t\t\t\t\t\t\t\t\t\tJARD\u00cdN JAPON\u00c9S CON HUERTO\t\t\t\t\t\t\t\t<\/div>\n\t\t\t\t\t\t\t\t\t\t\t\t<\/div>\n\t\t\t\t\t\t\t\t\t<\/a>\n\t\t\t\t\t\t\t<a class=\"e-gallery-item elementor-gallery-item elementor-animated-content\" href=\"https:\/\/decoluxeinteriordesign.com\/wp-content\/uploads\/2024\/01\/LANDSCAPERS-DISENO-BIOLIFICO-EN-POZUELO-DE-ALARCON.jpg\" data-elementor-open-lightbox=\"yes\" data-elementor-lightbox-slideshow=\"0658a9e\" data-elementor-lightbox-title=\" DISE\u00d1O BIOL\u00cdFICO EN POZUELO DE ALARC\u00d3N\" data-e-action-hash=\"#elementor-action%3Aaction%3Dlightbox%26settings%3DeyJpZCI6MjU3MTAsInVybCI6Imh0dHBzOlwvXC9kZWNvbHV4ZWludGVyaW9yZGVzaWduLmNvbVwvd3AtY29udGVudFwvdXBsb2Fkc1wvMjAyNFwvMDFcL0xBTkRTQ0FQRVJTLURJU0VOTy1CSU9MSUZJQ08tRU4tUE9aVUVMTy1ERS1BTEFSQ09OLmpwZyIsInNsaWRlc2hvdyI6IjA2NThhOWUifQ%3D%3D\">\n\t\t\t\t\t<div class=\"e-gallery-image elementor-gallery-item__image\" data-thumbnail=\"https:\/\/decoluxeinteriordesign.com\/wp-content\/uploads\/2024\/01\/LANDSCAPERS-DISENO-BIOLIFICO-EN-POZUELO-DE-ALARCON.jpg\" data-width=\"2560\" data-height=\"1714\" aria-label=\"\" role=\"img\" ><\/div>\n\t\t\t\t\t\t\t\t\t\t\t<div class=\"elementor-gallery-item__overlay\"><\/div>\n\t\t\t\t\t\t\t\t\t\t\t\t\t\t\t<div class=\"elementor-gallery-item__content\">\n\t\t\t\t\t\t\t\t\t\t\t\t\t\t<div class=\"elementor-gallery-item__title\">\n\t\t\t\t\t\t\t\t\t\t\t\t\t\t\t\t\t\t DISE\u00d1O BIOL\u00cdFICO EN POZUELO DE ALARC\u00d3N\t\t\t\t\t\t\t\t<\/div>\n\t\t\t\t\t\t\t\t\t\t\t\t<\/div>\n\t\t\t\t\t\t\t\t\t<\/a>\n\t\t\t\t\t\t\t<a class=\"e-gallery-item elementor-gallery-item elementor-animated-content\" href=\"https:\/\/decoluxeinteriordesign.com\/wp-content\/uploads\/2024\/01\/LANDSCAPERS-DISENO-BIOLIFICO-EN-MADRID.jpg\" data-elementor-open-lightbox=\"yes\" data-elementor-lightbox-slideshow=\"0658a9e\" data-elementor-lightbox-title=\"DISE\u00d1O BIOL\u00cdFICO EN MADRID\" data-e-action-hash=\"#elementor-action%3Aaction%3Dlightbox%26settings%3DeyJpZCI6MjU3MDYsInVybCI6Imh0dHBzOlwvXC9kZWNvbHV4ZWludGVyaW9yZGVzaWduLmNvbVwvd3AtY29udGVudFwvdXBsb2Fkc1wvMjAyNFwvMDFcL0xBTkRTQ0FQRVJTLURJU0VOTy1CSU9MSUZJQ08tRU4tTUFEUklELmpwZyIsInNsaWRlc2hvdyI6IjA2NThhOWUifQ%3D%3D\">\n\t\t\t\t\t<div class=\"e-gallery-image elementor-gallery-item__image\" data-thumbnail=\"https:\/\/decoluxeinteriordesign.com\/wp-content\/uploads\/2024\/01\/LANDSCAPERS-DISENO-BIOLIFICO-EN-MADRID.jpg\" data-width=\"2560\" data-height=\"1440\" aria-label=\"\" role=\"img\" ><\/div>\n\t\t\t\t\t\t\t\t\t\t\t<div class=\"elementor-gallery-item__overlay\"><\/div>\n\t\t\t\t\t\t\t\t\t\t\t\t\t\t\t<div class=\"elementor-gallery-item__content\">\n\t\t\t\t\t\t\t\t\t\t\t\t\t\t<div class=\"elementor-gallery-item__title\">\n\t\t\t\t\t\t\t\t\t\t\t\t\t\t\t\t\t\tDISE\u00d1O BIOL\u00cdFICO EN MADRID\t\t\t\t\t\t\t\t<\/div>\n\t\t\t\t\t\t\t\t\t\t\t\t<\/div>\n\t\t\t\t\t\t\t\t\t<\/a>\n\t\t\t\t\t<\/div>\n\t\t\t<\/div>\n\t\t\t\t<\/div>\n\t\t\t\t<\/div>\n\t\t\t\t<\/div>\n\t\t","protected":false},"excerpt":{"rendered":"<p>Paysagistes Chez Landscapers, chaque projet est un chef-d&rsquo;\u0153uvre personnalis\u00e9. De la planification \u00e0 la mise en \u0153uvre, leur engagement est de donner vie \u00e0 vos id\u00e9es avec cr\u00e9ativit\u00e9 et professionnalisme. Sp\u00e9cialis\u00e9e dans la conception de jardins, l&rsquo;\u00e9quipe d&rsquo;experts en am\u00e9nagement paysager de Landscapers travaille sans rel\u00e2che pour concr\u00e9tiser les visions de ses clients. De la [&hellip;]<\/p>\n","protected":false},"author":3,"featured_media":0,"parent":0,"menu_order":0,"comment_status":"closed","ping_status":"closed","template":"elementor_header_footer","meta":{"footnotes":""},"class_list":["post-25748","page","type-page","status-publish","hentry"],"aioseo_notices":[],"_links":{"self":[{"href":"https:\/\/decoluxeinteriordesign.com\/fr\/wp-json\/wp\/v2\/pages\/25748","targetHints":{"allow":["GET"]}}],"collection":[{"href":"https:\/\/decoluxeinteriordesign.com\/fr\/wp-json\/wp\/v2\/pages"}],"about":[{"href":"https:\/\/decoluxeinteriordesign.com\/fr\/wp-json\/wp\/v2\/types\/page"}],"author":[{"embeddable":true,"href":"https:\/\/decoluxeinteriordesign.com\/fr\/wp-json\/wp\/v2\/users\/3"}],"replies":[{"embeddable":true,"href":"https:\/\/decoluxeinteriordesign.com\/fr\/wp-json\/wp\/v2\/comments?post=25748"}],"version-history":[{"count":3,"href":"https:\/\/decoluxeinteriordesign.com\/fr\/wp-json\/wp\/v2\/pages\/25748\/revisions"}],"predecessor-version":[{"id":26143,"href":"https:\/\/decoluxeinteriordesign.com\/fr\/wp-json\/wp\/v2\/pages\/25748\/revisions\/26143"}],"wp:attachment":[{"href":"https:\/\/decoluxeinteriordesign.com\/fr\/wp-json\/wp\/v2\/media?parent=25748"}],"curies":[{"name":"wp","href":"https:\/\/api.w.org\/{rel}","templated":true}]}}