{"id":8880,"date":"2023-10-04T11:30:27","date_gmt":"2023-10-04T11:30:27","guid":{"rendered":"https:\/\/decoluxe.es\/wohnung-in-paris\/"},"modified":"2024-04-15T12:06:06","modified_gmt":"2024-04-15T12:06:06","slug":"wohnung-in-paris","status":"publish","type":"page","link":"https:\/\/decoluxeinteriordesign.com\/de\/wohnung-in-paris\/","title":{"rendered":"Wohnung in Paris"},"content":{"rendered":"\t\t<div data-elementor-type=\"wp-page\" data-elementor-id=\"8880\" class=\"elementor elementor-8880 elementor-1999\" data-elementor-post-type=\"page\">\n\t\t\t\t<div class=\"elementor-element elementor-element-6308d05c e-flex e-con-boxed e-con e-parent\" data-id=\"6308d05c\" data-element_type=\"container\">\n\t\t\t\t\t<div class=\"e-con-inner\">\n\t\t<div class=\"elementor-element elementor-element-6fced382 e-flex e-con-boxed e-con e-child\" data-id=\"6fced382\" data-element_type=\"container\">\n\t\t\t\t\t<div class=\"e-con-inner\">\n\t\t<div class=\"elementor-element elementor-element-2b313e23 e-con-full e-flex e-con e-child\" data-id=\"2b313e23\" data-element_type=\"container\">\n\t\t\t\t<div class=\"elementor-element elementor-element-5db73f2f elementor-widget elementor-widget-heading\" data-id=\"5db73f2f\" data-element_type=\"widget\" data-widget_type=\"heading.default\">\n\t\t\t\t<div class=\"elementor-widget-container\">\n\t\t\t<h2 class=\"elementor-heading-title elementor-size-xxl\">Wohnung\n<\/h2>\t\t<\/div>\n\t\t\t\t<\/div>\n\t\t\t\t<div class=\"elementor-element elementor-element-59939102 elementor-widget elementor-widget-heading\" data-id=\"59939102\" data-element_type=\"widget\" data-widget_type=\"heading.default\">\n\t\t\t\t<div class=\"elementor-widget-container\">\n\t\t\t<h2 class=\"elementor-heading-title elementor-size-xxl\">PARIS<\/h2>\t\t<\/div>\n\t\t\t\t<\/div>\n\t\t\t\t<div class=\"elementor-element elementor-element-646b75e9 elementor-widget elementor-widget-text-editor\" data-id=\"646b75e9\" data-element_type=\"widget\" data-widget_type=\"text-editor.default\">\n\t\t\t\t<div class=\"elementor-widget-container\">\n\t\t\t\t\t\t\t<p>Das Projekt <strong>HOMES OF THE WORLD<\/strong> bringt das zeitgen\u00f6ssische Leben in seinen unendlichen Variationen zum Ausdruck, indem es in den Alltag der wichtigsten Metropolen eintritt.<\/p>\n\t\t\t\t\t\t<\/div>\n\t\t\t\t<\/div>\n\t\t\t\t<div class=\"elementor-element elementor-element-c006fe9 elementor-view-default elementor-widget elementor-widget-icon\" data-id=\"c006fe9\" data-element_type=\"widget\" data-widget_type=\"icon.default\">\n\t\t\t\t<div class=\"elementor-widget-container\">\n\t\t\t\t\t<div class=\"elementor-icon-wrapper\">\n\t\t\t<div class=\"elementor-icon\">\n\t\t\t<i aria-hidden=\"true\" class=\"fas fa-chevron-down\"><\/i>\t\t\t<\/div>\n\t\t<\/div>\n\t\t\t\t<\/div>\n\t\t\t\t<\/div>\n\t\t\t\t<\/div>\n\t\t<div class=\"elementor-element elementor-element-1c3210b5 e-con-full e-flex e-con e-child\" data-id=\"1c3210b5\" data-element_type=\"container\">\n\t\t\t\t<div class=\"elementor-element elementor-element-3f851c8f elementor-widget elementor-widget-image\" data-id=\"3f851c8f\" data-element_type=\"widget\" data-widget_type=\"image.default\">\n\t\t\t\t<div class=\"elementor-widget-container\">\n\t\t\t\t\t\t\t\t\t\t\t\t\t<img fetchpriority=\"high\" decoding=\"async\" width=\"1920\" height=\"1285\" src=\"https:\/\/decoluxeinteriordesign.com\/wp-content\/uploads\/2023\/10\/parigi_soggiorno.jpeg\" class=\"attachment-full size-full wp-image-2012\" alt=\"\" srcset=\"https:\/\/decoluxeinteriordesign.com\/wp-content\/uploads\/2023\/10\/parigi_soggiorno.jpeg 1920w, https:\/\/decoluxeinteriordesign.com\/wp-content\/uploads\/2023\/10\/parigi_soggiorno-300x201.jpeg 300w, https:\/\/decoluxeinteriordesign.com\/wp-content\/uploads\/2023\/10\/parigi_soggiorno-1024x685.jpeg 1024w, https:\/\/decoluxeinteriordesign.com\/wp-content\/uploads\/2023\/10\/parigi_soggiorno-768x514.jpeg 768w, https:\/\/decoluxeinteriordesign.com\/wp-content\/uploads\/2023\/10\/parigi_soggiorno-1536x1028.jpeg 1536w\" sizes=\"(max-width: 1920px) 100vw, 1920px\" \/>\t\t\t\t\t\t\t\t\t\t\t\t\t<\/div>\n\t\t\t\t<\/div>\n\t\t\t\t<\/div>\n\t\t\t\t\t<\/div>\n\t\t\t\t<\/div>\n\t\t\t\t\t<\/div>\n\t\t\t\t<\/div>\n\t\t<div class=\"elementor-element elementor-element-7fc0ccc e-flex e-con-boxed e-con e-parent\" data-id=\"7fc0ccc\" data-element_type=\"container\">\n\t\t\t\t\t<div class=\"e-con-inner\">\n\t\t\t\t<div class=\"elementor-element elementor-element-1d9f1053 elementor-widget__width-initial elementor-widget elementor-widget-text-editor\" data-id=\"1d9f1053\" data-element_type=\"widget\" data-widget_type=\"text-editor.default\">\n\t\t\t\t<div class=\"elementor-widget-container\">\n\t\t\t\t\t\t\t<p><span style=\"color: #808080;\">Im Hauptgeschoss eines Pariser Geb\u00e4udes aus dem 19. Jahrhundert. XIX \u00f6ffnet sich zu einem Penthouse mit Blick auf den Eiffelturm, gekleidet in materielle Emotionen und Leichtigkeit. Das zeitgen\u00f6ssische Design verleiht dem Raum ein elegantes Ville-Lumi\u00e8re-Gef\u00fchl und schafft eine perfekte Mischung aus Gegenwart und Vergangenheit. Jeder Raum des Hauses ist Ausdruck der gelungenen Verschmelzung zwischen der Modernit\u00e4t der M\u00f6bel und der Geschichte eines zeitlosen Geb\u00e4udes. Die dekorativen Stuckarbeiten an der Decke und am Kamin treffen beispielsweise auf die geometrischen Linien des Sofas Slide, das dank seiner Modularit\u00e4t einen gro\u00dfen kompositorischen Ausdruck erm\u00f6glicht.<\/span><\/p>\n\t\t\t\t\t\t<\/div>\n\t\t\t\t<\/div>\n\t\t\t\t\t<\/div>\n\t\t\t\t<\/div>\n\t\t<div class=\"elementor-element elementor-element-435623af e-con-full e-flex e-con e-parent\" data-id=\"435623af\" data-element_type=\"container\" data-settings=\"{&quot;background_background&quot;:&quot;classic&quot;}\">\n\t\t<div class=\"elementor-element elementor-element-7928df8b e-con-full e-flex e-con e-child\" data-id=\"7928df8b\" data-element_type=\"container\">\n\t\t\t\t<div class=\"elementor-element elementor-element-a48a945 elementor-widget elementor-widget-gallery\" data-id=\"a48a945\" data-element_type=\"widget\" data-settings=\"{&quot;gap&quot;:{&quot;unit&quot;:&quot;px&quot;,&quot;size&quot;:1,&quot;sizes&quot;:[]},&quot;aspect_ratio&quot;:&quot;1:1&quot;,&quot;lazyload&quot;:&quot;yes&quot;,&quot;gallery_layout&quot;:&quot;grid&quot;,&quot;columns&quot;:4,&quot;columns_tablet&quot;:2,&quot;columns_mobile&quot;:1,&quot;gap_tablet&quot;:{&quot;unit&quot;:&quot;px&quot;,&quot;size&quot;:10,&quot;sizes&quot;:[]},&quot;gap_mobile&quot;:{&quot;unit&quot;:&quot;px&quot;,&quot;size&quot;:10,&quot;sizes&quot;:[]},&quot;link_to&quot;:&quot;file&quot;,&quot;overlay_background&quot;:&quot;yes&quot;,&quot;content_hover_animation&quot;:&quot;fade-in&quot;}\" data-widget_type=\"gallery.default\">\n\t\t\t\t<div class=\"elementor-widget-container\">\n\t\t\t\t\t<div class=\"elementor-gallery__container\">\n\t\t\t\t\t\t\t<a class=\"e-gallery-item elementor-gallery-item elementor-animated-content\" href=\"https:\/\/decoluxeinteriordesign.com\/wp-content\/uploads\/2023\/11\/LAGO-PARIS-sofa-verde-y-marron-or-sofa-slide-or-lago.jpeg\" data-elementor-open-lightbox=\"yes\" data-elementor-lightbox-slideshow=\"a48a945\" data-elementor-lightbox-title=\"LAGO PAR\u00cdS\" data-e-action-hash=\"#elementor-action%3Aaction%3Dlightbox%26settings%3DeyJpZCI6MTk2NDYsInVybCI6Imh0dHBzOlwvXC9kZWNvbHV4ZWludGVyaW9yZGVzaWduLmNvbVwvd3AtY29udGVudFwvdXBsb2Fkc1wvMjAyM1wvMTFcL0xBR08tUEFSSVMtc29mYS12ZXJkZS15LW1hcnJvbi1vci1zb2ZhLXNsaWRlLW9yLWxhZ28uanBlZyIsInNsaWRlc2hvdyI6ImE0OGE5NDUifQ%3D%3D\">\n\t\t\t\t\t<div class=\"e-gallery-image elementor-gallery-item__image\" data-thumbnail=\"https:\/\/decoluxeinteriordesign.com\/wp-content\/uploads\/2023\/11\/LAGO-PARIS-sofa-verde-y-marron-or-sofa-slide-or-lago.jpeg\" data-width=\"1920\" data-height=\"1285\" aria-label=\"\" role=\"img\" ><\/div>\n\t\t\t\t\t\t\t\t\t\t\t<div class=\"elementor-gallery-item__overlay\"><\/div>\n\t\t\t\t\t\t\t\t\t\t\t\t\t\t<\/a>\n\t\t\t\t\t\t\t<a class=\"e-gallery-item elementor-gallery-item elementor-animated-content\" href=\"https:\/\/decoluxeinteriordesign.com\/wp-content\/uploads\/2023\/11\/LAGO-PARIS-aparador-moderno-en-marmol-or-aparador-36e8-or-lago.jpeg\" data-elementor-open-lightbox=\"yes\" data-elementor-lightbox-slideshow=\"a48a945\" data-elementor-lightbox-title=\"LAGO PAR\u00cdS\" data-e-action-hash=\"#elementor-action%3Aaction%3Dlightbox%26settings%3DeyJpZCI6MTk2NTAsInVybCI6Imh0dHBzOlwvXC9kZWNvbHV4ZWludGVyaW9yZGVzaWduLmNvbVwvd3AtY29udGVudFwvdXBsb2Fkc1wvMjAyM1wvMTFcL0xBR08tUEFSSVMtYXBhcmFkb3ItbW9kZXJuby1lbi1tYXJtb2wtb3ItYXBhcmFkb3ItMzZlOC1vci1sYWdvLmpwZWciLCJzbGlkZXNob3ciOiJhNDhhOTQ1In0%3D\">\n\t\t\t\t\t<div class=\"e-gallery-image elementor-gallery-item__image\" data-thumbnail=\"https:\/\/decoluxeinteriordesign.com\/wp-content\/uploads\/2023\/11\/LAGO-PARIS-aparador-moderno-en-marmol-or-aparador-36e8-or-lago.jpeg\" data-width=\"1920\" data-height=\"1285\" aria-label=\"\" role=\"img\" ><\/div>\n\t\t\t\t\t\t\t\t\t\t\t<div class=\"elementor-gallery-item__overlay\"><\/div>\n\t\t\t\t\t\t\t\t\t\t\t\t\t\t<\/a>\n\t\t\t\t\t\t\t<a class=\"e-gallery-item elementor-gallery-item elementor-animated-content\" href=\"https:\/\/decoluxeinteriordesign.com\/wp-content\/uploads\/2023\/11\/LAGO-PARIS-comoda-negra-con-cajones-or-comodas-36e8-or-lago-scaled.jpeg\" data-elementor-open-lightbox=\"yes\" data-elementor-lightbox-slideshow=\"a48a945\" data-elementor-lightbox-title=\"LAGO PAR\u00cdS\" data-e-action-hash=\"#elementor-action%3Aaction%3Dlightbox%26settings%3DeyJpZCI6MTk2NTQsInVybCI6Imh0dHBzOlwvXC9kZWNvbHV4ZWludGVyaW9yZGVzaWduLmNvbVwvd3AtY29udGVudFwvdXBsb2Fkc1wvMjAyM1wvMTFcL0xBR08tUEFSSVMtY29tb2RhLW5lZ3JhLWNvbi1jYWpvbmVzLW9yLWNvbW9kYXMtMzZlOC1vci1sYWdvLXNjYWxlZC5qcGVnIiwic2xpZGVzaG93IjoiYTQ4YTk0NSJ9\">\n\t\t\t\t\t<div class=\"e-gallery-image elementor-gallery-item__image\" data-thumbnail=\"https:\/\/decoluxeinteriordesign.com\/wp-content\/uploads\/2023\/11\/LAGO-PARIS-comoda-negra-con-cajones-or-comodas-36e8-or-lago-scaled.jpeg\" data-width=\"1914\" data-height=\"2560\" aria-label=\"\" role=\"img\" ><\/div>\n\t\t\t\t\t\t\t\t\t\t\t<div class=\"elementor-gallery-item__overlay\"><\/div>\n\t\t\t\t\t\t\t\t\t\t\t\t\t\t<\/a>\n\t\t\t\t\t\t\t<a class=\"e-gallery-item elementor-gallery-item elementor-animated-content\" href=\"https:\/\/decoluxeinteriordesign.com\/wp-content\/uploads\/2023\/11\/LAGO-PARIS-libreria-doble-cara-azul-or-libreria-air-or-lago-scaled.jpeg\" data-elementor-open-lightbox=\"yes\" data-elementor-lightbox-slideshow=\"a48a945\" data-elementor-lightbox-title=\"LAGO ESTANTER\u00cdA PAR\u00cdS\" data-e-action-hash=\"#elementor-action%3Aaction%3Dlightbox%26settings%3DeyJpZCI6MTk2NTgsInVybCI6Imh0dHBzOlwvXC9kZWNvbHV4ZWludGVyaW9yZGVzaWduLmNvbVwvd3AtY29udGVudFwvdXBsb2Fkc1wvMjAyM1wvMTFcL0xBR08tUEFSSVMtbGlicmVyaWEtZG9ibGUtY2FyYS1henVsLW9yLWxpYnJlcmlhLWFpci1vci1sYWdvLXNjYWxlZC5qcGVnIiwic2xpZGVzaG93IjoiYTQ4YTk0NSJ9\">\n\t\t\t\t\t<div class=\"e-gallery-image elementor-gallery-item__image\" data-thumbnail=\"https:\/\/decoluxeinteriordesign.com\/wp-content\/uploads\/2023\/11\/LAGO-PARIS-libreria-doble-cara-azul-or-libreria-air-or-lago-scaled.jpeg\" data-width=\"1914\" data-height=\"2560\" aria-label=\"\" role=\"img\" ><\/div>\n\t\t\t\t\t\t\t\t\t\t\t<div class=\"elementor-gallery-item__overlay\"><\/div>\n\t\t\t\t\t\t\t\t\t\t\t\t\t\t<\/a>\n\t\t\t\t\t\t\t<a class=\"e-gallery-item elementor-gallery-item elementor-animated-content\" href=\"https:\/\/decoluxeinteriordesign.com\/wp-content\/uploads\/2023\/11\/LAGO-PARIS-mesa-de-diseno-suspendida-or-mesa-air-or-lago.jpeg\" data-elementor-open-lightbox=\"yes\" data-elementor-lightbox-slideshow=\"a48a945\" data-elementor-lightbox-title=\"LAGO PAR\u00cdS\" data-e-action-hash=\"#elementor-action%3Aaction%3Dlightbox%26settings%3DeyJpZCI6MTk2NjIsInVybCI6Imh0dHBzOlwvXC9kZWNvbHV4ZWludGVyaW9yZGVzaWduLmNvbVwvd3AtY29udGVudFwvdXBsb2Fkc1wvMjAyM1wvMTFcL0xBR08tUEFSSVMtbWVzYS1kZS1kaXNlbm8tc3VzcGVuZGlkYS1vci1tZXNhLWFpci1vci1sYWdvLmpwZWciLCJzbGlkZXNob3ciOiJhNDhhOTQ1In0%3D\">\n\t\t\t\t\t<div class=\"e-gallery-image elementor-gallery-item__image\" data-thumbnail=\"https:\/\/decoluxeinteriordesign.com\/wp-content\/uploads\/2023\/11\/LAGO-PARIS-mesa-de-diseno-suspendida-or-mesa-air-or-lago.jpeg\" data-width=\"1920\" data-height=\"1285\" aria-label=\"\" role=\"img\" ><\/div>\n\t\t\t\t\t\t\t\t\t\t\t<div class=\"elementor-gallery-item__overlay\"><\/div>\n\t\t\t\t\t\t\t\t\t\t\t\t\t\t<\/a>\n\t\t\t\t\t\t\t<a class=\"e-gallery-item elementor-gallery-item elementor-animated-content\" href=\"https:\/\/decoluxeinteriordesign.com\/wp-content\/uploads\/2023\/11\/LAGO-PARIS-parigi_camera_da_letto.jpeg\" data-elementor-open-lightbox=\"yes\" data-elementor-lightbox-slideshow=\"a48a945\" data-elementor-lightbox-title=\"LAGO PAR\u00cdS\" data-e-action-hash=\"#elementor-action%3Aaction%3Dlightbox%26settings%3DeyJpZCI6MTk2NjYsInVybCI6Imh0dHBzOlwvXC9kZWNvbHV4ZWludGVyaW9yZGVzaWduLmNvbVwvd3AtY29udGVudFwvdXBsb2Fkc1wvMjAyM1wvMTFcL0xBR08tUEFSSVMtcGFyaWdpX2NhbWVyYV9kYV9sZXR0by5qcGVnIiwic2xpZGVzaG93IjoiYTQ4YTk0NSJ9\">\n\t\t\t\t\t<div class=\"e-gallery-image elementor-gallery-item__image\" data-thumbnail=\"https:\/\/decoluxeinteriordesign.com\/wp-content\/uploads\/2023\/11\/LAGO-PARIS-parigi_camera_da_letto.jpeg\" data-width=\"1920\" data-height=\"1285\" aria-label=\"\" role=\"img\" ><\/div>\n\t\t\t\t\t\t\t\t\t\t\t<div class=\"elementor-gallery-item__overlay\"><\/div>\n\t\t\t\t\t\t\t\t\t\t\t\t\t\t<\/a>\n\t\t\t\t\t\t\t<a class=\"e-gallery-item elementor-gallery-item elementor-animated-content\" href=\"https:\/\/decoluxeinteriordesign.com\/wp-content\/uploads\/2023\/11\/LAGO-PARIS-parigi_esterni-2.jpeg\" data-elementor-open-lightbox=\"yes\" data-elementor-lightbox-slideshow=\"a48a945\" data-elementor-lightbox-title=\"LAGO PAR\u00cdS\" data-e-action-hash=\"#elementor-action%3Aaction%3Dlightbox%26settings%3DeyJpZCI6MTk2NzAsInVybCI6Imh0dHBzOlwvXC9kZWNvbHV4ZWludGVyaW9yZGVzaWduLmNvbVwvd3AtY29udGVudFwvdXBsb2Fkc1wvMjAyM1wvMTFcL0xBR08tUEFSSVMtcGFyaWdpX2VzdGVybmktMi5qcGVnIiwic2xpZGVzaG93IjoiYTQ4YTk0NSJ9\">\n\t\t\t\t\t<div class=\"e-gallery-image elementor-gallery-item__image\" data-thumbnail=\"https:\/\/decoluxeinteriordesign.com\/wp-content\/uploads\/2023\/11\/LAGO-PARIS-parigi_esterni-2.jpeg\" data-width=\"1920\" data-height=\"1280\" aria-label=\"\" role=\"img\" ><\/div>\n\t\t\t\t\t\t\t\t\t\t\t<div class=\"elementor-gallery-item__overlay\"><\/div>\n\t\t\t\t\t\t\t\t\t\t\t\t\t\t<\/a>\n\t\t\t\t\t\t\t<a class=\"e-gallery-item elementor-gallery-item elementor-animated-content\" href=\"https:\/\/decoluxeinteriordesign.com\/wp-content\/uploads\/2023\/11\/LAGO-PARIS-parigi_soggiorno.jpeg\" data-elementor-open-lightbox=\"yes\" data-elementor-lightbox-slideshow=\"a48a945\" data-elementor-lightbox-title=\"LAGO PAR\u00cdS\" data-e-action-hash=\"#elementor-action%3Aaction%3Dlightbox%26settings%3DeyJpZCI6MTk2NzQsInVybCI6Imh0dHBzOlwvXC9kZWNvbHV4ZWludGVyaW9yZGVzaWduLmNvbVwvd3AtY29udGVudFwvdXBsb2Fkc1wvMjAyM1wvMTFcL0xBR08tUEFSSVMtcGFyaWdpX3NvZ2dpb3Juby5qcGVnIiwic2xpZGVzaG93IjoiYTQ4YTk0NSJ9\">\n\t\t\t\t\t<div class=\"e-gallery-image elementor-gallery-item__image\" data-thumbnail=\"https:\/\/decoluxeinteriordesign.com\/wp-content\/uploads\/2023\/11\/LAGO-PARIS-parigi_soggiorno.jpeg\" data-width=\"1920\" data-height=\"1285\" aria-label=\"\" role=\"img\" ><\/div>\n\t\t\t\t\t\t\t\t\t\t\t<div class=\"elementor-gallery-item__overlay\"><\/div>\n\t\t\t\t\t\t\t\t\t\t\t\t\t\t<\/a>\n\t\t\t\t\t<\/div>\n\t\t\t<\/div>\n\t\t\t\t<\/div>\n\t\t\t\t<\/div>\n\t\t\t\t<\/div>\n\t\t\t\t<\/div>\n\t\t","protected":false},"excerpt":{"rendered":"<p>Wohnung PARIS Das Projekt HOMES OF THE WORLD bringt das zeitgen\u00f6ssische Leben in seinen unendlichen Variationen zum Ausdruck, indem es in den Alltag der wichtigsten Metropolen eintritt. Im Hauptgeschoss eines Pariser Geb\u00e4udes aus dem 19. Jahrhundert. XIX \u00f6ffnet sich zu einem Penthouse mit Blick auf den Eiffelturm, gekleidet in materielle Emotionen und Leichtigkeit. Das zeitgen\u00f6ssische [&hellip;]<\/p>\n","protected":false},"author":2,"featured_media":0,"parent":0,"menu_order":0,"comment_status":"closed","ping_status":"closed","template":"elementor_header_footer","meta":{"footnotes":""},"class_list":["post-8880","page","type-page","status-publish","hentry"],"aioseo_notices":[],"_links":{"self":[{"href":"https:\/\/decoluxeinteriordesign.com\/de\/wp-json\/wp\/v2\/pages\/8880","targetHints":{"allow":["GET"]}}],"collection":[{"href":"https:\/\/decoluxeinteriordesign.com\/de\/wp-json\/wp\/v2\/pages"}],"about":[{"href":"https:\/\/decoluxeinteriordesign.com\/de\/wp-json\/wp\/v2\/types\/page"}],"author":[{"embeddable":true,"href":"https:\/\/decoluxeinteriordesign.com\/de\/wp-json\/wp\/v2\/users\/2"}],"replies":[{"embeddable":true,"href":"https:\/\/decoluxeinteriordesign.com\/de\/wp-json\/wp\/v2\/comments?post=8880"}],"version-history":[{"count":4,"href":"https:\/\/decoluxeinteriordesign.com\/de\/wp-json\/wp\/v2\/pages\/8880\/revisions"}],"predecessor-version":[{"id":27271,"href":"https:\/\/decoluxeinteriordesign.com\/de\/wp-json\/wp\/v2\/pages\/8880\/revisions\/27271"}],"wp:attachment":[{"href":"https:\/\/decoluxeinteriordesign.com\/de\/wp-json\/wp\/v2\/media?parent=8880"}],"curies":[{"name":"wp","href":"https:\/\/api.w.org\/{rel}","templated":true}]}}