{"id":15415,"date":"2023-11-09T10:27:24","date_gmt":"2023-11-09T10:27:24","guid":{"rendered":"https:\/\/decoluxe.es\/eclipse-by-escenium\/"},"modified":"2024-04-15T12:06:08","modified_gmt":"2024-04-15T12:06:08","slug":"eclipse-by-escenium","status":"publish","type":"page","link":"https:\/\/decoluxeinteriordesign.com\/de\/eclipse-by-escenium\/","title":{"rendered":"ECLIPSE BY ESCENIUM"},"content":{"rendered":"\t\t<div data-elementor-type=\"wp-page\" data-elementor-id=\"15415\" class=\"elementor elementor-15415 elementor-15411\" data-elementor-post-type=\"page\">\n\t\t\t\t<div class=\"elementor-element elementor-element-326e0a7 e-flex e-con-boxed e-con e-parent\" data-id=\"326e0a7\" data-element_type=\"container\">\n\t\t\t\t\t<div class=\"e-con-inner\">\n\t\t\t\t<div class=\"elementor-element elementor-element-e2f654c elementor-widget elementor-widget-heading\" data-id=\"e2f654c\" data-element_type=\"widget\" data-widget_type=\"heading.default\">\n\t\t\t\t<div class=\"elementor-widget-container\">\n\t\t\t<h2 class=\"elementor-heading-title elementor-size-xxl\">ECLIPSE BY ESCENIUM<\/h2>\t\t<\/div>\n\t\t\t\t<\/div>\n\t\t\t\t\t<\/div>\n\t\t\t\t<\/div>\n\t\t<div class=\"elementor-element elementor-element-b1daab0 e-flex e-con-boxed e-con e-parent\" data-id=\"b1daab0\" data-element_type=\"container\">\n\t\t\t\t\t<div class=\"e-con-inner\">\n\t\t\t\t<div class=\"elementor-element elementor-element-d456d20 elementor-arrows-position-inside elementor-pagination-position-outside elementor-widget elementor-widget-image-carousel\" data-id=\"d456d20\" data-element_type=\"widget\" data-settings=\"{&quot;slides_to_show&quot;:&quot;1&quot;,&quot;pause_on_hover&quot;:&quot;no&quot;,&quot;navigation&quot;:&quot;both&quot;,&quot;autoplay&quot;:&quot;yes&quot;,&quot;pause_on_interaction&quot;:&quot;yes&quot;,&quot;autoplay_speed&quot;:5000,&quot;infinite&quot;:&quot;yes&quot;,&quot;effect&quot;:&quot;slide&quot;,&quot;speed&quot;:500}\" data-widget_type=\"image-carousel.default\">\n\t\t\t\t<div class=\"elementor-widget-container\">\n\t\t\t\t\t<div class=\"elementor-image-carousel-wrapper swiper\" dir=\"ltr\">\n\t\t\t<div class=\"elementor-image-carousel swiper-wrapper\" aria-live=\"off\">\n\t\t\t\t\t\t\t\t<div class=\"swiper-slide\" role=\"group\" aria-roledescription=\"slide\" aria-label=\"1 von 4\"><figure class=\"swiper-slide-inner\"><img decoding=\"async\" class=\"swiper-slide-image\" src=\"https:\/\/decoluxeinteriordesign.com\/wp-content\/uploads\/2023\/11\/ESCENIUM_3.jpg\" alt=\"ESCENIUM_3\" \/><\/figure><\/div><div class=\"swiper-slide\" role=\"group\" aria-roledescription=\"slide\" aria-label=\"2 von 4\"><figure class=\"swiper-slide-inner\"><img decoding=\"async\" class=\"swiper-slide-image\" src=\"https:\/\/decoluxeinteriordesign.com\/wp-content\/uploads\/2023\/11\/ESCENIUM_4.jpg\" alt=\"ESCENIUM_4\" \/><\/figure><\/div><div class=\"swiper-slide\" role=\"group\" aria-roledescription=\"slide\" aria-label=\"3 von 4\"><figure class=\"swiper-slide-inner\"><img decoding=\"async\" class=\"swiper-slide-image\" src=\"https:\/\/decoluxeinteriordesign.com\/wp-content\/uploads\/2023\/11\/ESCENIUM_2.jpg\" alt=\"ESCENIUM_2\" \/><\/figure><\/div><div class=\"swiper-slide\" role=\"group\" aria-roledescription=\"slide\" aria-label=\"4 von 4\"><figure class=\"swiper-slide-inner\"><img decoding=\"async\" class=\"swiper-slide-image\" src=\"https:\/\/decoluxeinteriordesign.com\/wp-content\/uploads\/2023\/11\/ESCENIUM_1-1.jpg\" alt=\"ESCENIUM_1\" \/><\/figure><\/div>\t\t\t<\/div>\n\t\t\t\t\t\t\t\t\t\t\t\t<div class=\"elementor-swiper-button elementor-swiper-button-prev\" role=\"button\" tabindex=\"0\">\n\t\t\t\t\t\t<i aria-hidden=\"true\" class=\"eicon-chevron-left\"><\/i>\t\t\t\t\t<\/div>\n\t\t\t\t\t<div class=\"elementor-swiper-button elementor-swiper-button-next\" role=\"button\" tabindex=\"0\">\n\t\t\t\t\t\t<i aria-hidden=\"true\" class=\"eicon-chevron-right\"><\/i>\t\t\t\t\t<\/div>\n\t\t\t\t\n\t\t\t\t\t\t\t\t\t<div class=\"swiper-pagination\"><\/div>\n\t\t\t\t\t\t\t\t\t<\/div>\n\t\t\t\t<\/div>\n\t\t\t\t<\/div>\n\t\t\t\t\t<\/div>\n\t\t\t\t<\/div>\n\t\t<div class=\"elementor-element elementor-element-962aef7 e-flex e-con-boxed e-con e-parent\" data-id=\"962aef7\" data-element_type=\"container\">\n\t\t\t\t\t<div class=\"e-con-inner\">\n\t\t\t\t<div class=\"elementor-element elementor-element-73051a9 elementor-widget elementor-widget-heading\" data-id=\"73051a9\" data-element_type=\"widget\" data-widget_type=\"heading.default\">\n\t\t\t\t<div class=\"elementor-widget-container\">\n\t\t\t<h2 class=\"elementor-heading-title elementor-size-default\">ECLIPSE BY ESCENIUM<\/h2>\t\t<\/div>\n\t\t\t\t<\/div>\n\t\t\t\t<div class=\"elementor-element elementor-element-e46cddb elementor-widget elementor-widget-text-editor\" data-id=\"e46cddb\" data-element_type=\"widget\" data-widget_type=\"text-editor.default\">\n\t\t\t\t<div class=\"elementor-widget-container\">\n\t\t\t\t\t\t\t<p>Wir betreten einen magischen und r\u00e4tselhaften Raum, der auf Energie, Liebe und dem Universum basiert: ECLIPSE BY ESCENIUM.<\/p>\n<p><strong><em>Die Legende besagt&#8230;<\/em><\/strong><br>Als die Sonne und der Mond sich zum ersten Mal trafen, verliebten sie sich unsterblich ineinander. Das Universum wurde erschaffen, und das Universum beschloss, die beiden zu trennen, damit die Tage von der Sonne erhellt w\u00fcrden.<br>Die verliebten Sterne fielen in eine tiefe Traurigkeit. Die Sonne versuchte, ihre Kraft zu verbergen, damit der Mond sie irgendwie bemerken w\u00fcrde, aber ihre Bem\u00fchungen waren vergeblich. Deshalb beschloss er, ihr die Sterne zu schenken, damit der Mond sich an ihn erinnerte und sie sich nicht einsam f\u00fchlte, aber der Mond reagierte nicht auf solche Reize &#8230; denn sie w\u00fcnschte sich nur, sich wieder zu treffen und zu einer Einheit zu verschmelzen.<br>Der Wunsch des Mondes und der Sonne war so gro\u00df, dass das Universum verstand, dass es etwas tun musste, damit die beiden irgendwie weiterhin hell auf die Erde scheinen konnten&#8230; also erlaubt es ihnen von Zeit zu Zeit, sich zu sehen und zu umarmen. Diese Umarmung ist so stark und liebevoll, dass nicht einmal das menschliche Auge in der Lage ist, sie frontal zu betrachten &#8230; und dieser Akt wahrer Liebe ist als ECLIPSE bekannt.<br>Es ist ein Privileg, das Universum zu betrachten und die Gr\u00f6\u00dfe, Majest\u00e4t und Sch\u00f6nheit der Elemente zu erkennen, die uns umgeben&#8230; Wir f\u00fchlen uns sehr klein und gleichzeitig sehr gl\u00fccklich, jedes Schauspiel, das die Natur uns bietet, erleben zu k\u00f6nnen. Eclipse ist zweifelsohne eine davon.<\/p>\n<p>Hommage an Dora Mar\u00eda Torres Candelero, die Autorin der Geschichte, die Tamara Delgado ihrer kleinen Sof\u00eda jeden Abend vorliest und die als Inspiration f\u00fcr die Gestaltung dieses Raumes diente.<\/p>\t\t\t\t\t\t<\/div>\n\t\t\t\t<\/div>\n\t\t\t\t\t<\/div>\n\t\t\t\t<\/div>\n\t\t<div class=\"elementor-element elementor-element-93eeab2 e-flex e-con-boxed e-con e-parent\" data-id=\"93eeab2\" data-element_type=\"container\">\n\t\t\t\t\t<div class=\"e-con-inner\">\n\t\t\t\t<div class=\"elementor-element elementor-element-1687501 elementor-widget elementor-widget-heading\" data-id=\"1687501\" data-element_type=\"widget\" data-widget_type=\"heading.default\">\n\t\t\t\t<div class=\"elementor-widget-container\">\n\t\t\t<h2 class=\"elementor-heading-title elementor-size-default\">Marbella Design &amp; Kunst 2022<\/h2>\t\t<\/div>\n\t\t\t\t<\/div>\n\t\t\t\t<div class=\"elementor-element elementor-element-a6a6421 elementor-widget elementor-widget-text-editor\" data-id=\"a6a6421\" data-element_type=\"widget\" data-widget_type=\"text-editor.default\">\n\t\t\t\t<div class=\"elementor-widget-container\">\n\t\t\t\t\t\t\t<p><span style=\"color: #808080;\">Die Einrichtungsmesse <span style=\"font-family: 'DM Sans', sans-serif; font-size: 17px; font-weight: var( --e-global-typography-text-font-weight ); text-align: var(--text-align);\">&#8222;<\/span><span style=\"font-family: var( --e-global-typography-text-font-family ), Sans-serif; font-weight: var( --e-global-typography-text-font-weight ); text-align: var(--text-align); font-size: 1rem;\">Marbella Design &amp; Art 2022<\/span><span style=\"font-weight: var( --e-global-typography-text-font-weight ); text-align: var(--text-align); font-family: 'DM Sans', sans-serif; font-size: 17px;\">&#8220; ist eine Doppelveranstaltung, die zeitgen\u00f6ssische Kunst, Design und Inneneinrichtung miteinander verbindet und elf Tage lang im Palacio de Ferias, Exposiciones y Congresos Adolfo Su\u00e1rez in Marbella stattfindet <\/span>.  <\/span><\/p>\n<p><span style=\"color: #808080;\"><br \/>\n  <span style=\"font-weight: var( --e-global-typography-text-font-weight ); text-align: var(--text-align); font-size: 17px;\"><br \/>\n    <span style=\"font-family: DM Sans, sans-serif;\">Dieser Raum &#8222;<\/span><br \/>\n  <\/span><br \/>\n<\/span><span style=\"text-align: var(--text-align); font-size: 17px;\"><br \/>\n  <span style=\"color: #808080; font-family: DM Sans, sans-serif;\">ECLIPSE BY ESCENIUM&#8220; war p<\/span><br \/>\n<\/span><span style=\"font-family: var( --e-global-typography-text-font-family ), Sans-serif; font-size: 1rem; font-weight: var( --e-global-typography-text-font-weight ); text-align: var(--text-align); color: #808080;\">die Wahl des Publikums f\u00fcr den besten Ausstellungsraum der Marbella Design &amp; Art 2022. <\/span><span style=\"color: #808080; font-family: var( --e-global-typography-text-font-family ), Sans-serif; font-weight: var( --e-global-typography-text-font-weight ); text-align: var(--text-align); font-size: 1rem;\">Marbella Design &amp; Art 2022 und ist derzeit in unserem Ausstellungsraum &#8222;Decoluxe Design Center&#8220; im Pol\u00edgono Industrial Nueva Campana, 57, Marbella (M\u00e1laga) zu sehen.<\/span><\/p>\n<p><span style=\"color: #808080; font-family: var( --e-global-typography-text-font-family ), Sans-serif; font-weight: var( --e-global-typography-text-font-weight ); text-align: var(--text-align); font-size: 1rem;\">Escenium Entwurf f\u00fcr <\/span><span style=\"color: #808080; font-family: var( --e-global-typography-text-font-family ), Sans-serif; font-weight: var( --e-global-typography-text-font-weight ); text-align: var(--text-align); font-size: 1rem;\">Marbella Design &amp; Art 2022 eine K\u00fcche aus Naturstein, inspiriert von der Sonnenfinsternis<\/span><\/p>\n\t\t\t\t\t\t<\/div>\n\t\t\t\t<\/div>\n\t\t\t\t<div class=\"elementor-element elementor-element-6105f20 elementor-widget elementor-widget-heading\" data-id=\"6105f20\" data-element_type=\"widget\" data-widget_type=\"heading.default\">\n\t\t\t\t<div class=\"elementor-widget-container\">\n\t\t\t<h2 class=\"elementor-heading-title elementor-size-default\">Beschreibung des Projekts<\/h2>\t\t<\/div>\n\t\t\t\t<\/div>\n\t\t\t\t<div class=\"elementor-element elementor-element-896225d elementor-widget elementor-widget-text-editor\" data-id=\"896225d\" data-element_type=\"widget\" data-widget_type=\"text-editor.default\">\n\t\t\t\t<div class=\"elementor-widget-container\">\n\t\t\t\t\t\t\t<p>Eclipse ist ein magischer und r\u00e4tselhafter Raum, der auf Energie, Liebe und dem Universum basiert. Die in einem einzigen Punkt gehaltene Insel ist die Verschmelzung des Mondes &#8211; schwarzes Porzellan &#8211; und der Sonne &#8211; <a href=\"https:\/\/www.granith.es\/project\/cristallo-imperiale\/\">Granith Crystallo Imperiale<\/a> Quarzit. Die Insel ist im Inneren mit Lichtplatten ausgestattet, die das gesamte St\u00fcck gleichm\u00e4\u00dfig beleuchten, die Maserungen hervorheben und die Sch\u00f6nheit des Natursteins betonen. Escenum hat mit <a href=\"https:\/\/i-domus.es\/\">I-domus<\/a> zusammengearbeitet, um es herzustellen.<\/p>\n<p>Ein riesiger beleuchteter Steintorbogen und schwarzes Lackmobiliar bilden die totale Sonnenfinsternis, die zusammen mit handgefertigten Messingst\u00fccken einige Sonnenstrahlen simulieren, die aus diesem Naturereignis entweichen. Nimmt man die schwarzen, verdeckten, versenkbaren Doppelt\u00fcren ab, kommen im Inneren goldlackierte M\u00f6bel zum Vorschein, die die Kraft der Sonne symbolisieren und hinter denen sich Elektroger\u00e4te, Stauraum und ein verborgener elektrischer Aufzug verbergen. Ein unendlicher Spiegel mit LED-Beleuchtung vermittelt zudem ein Gef\u00fchl der Tiefe des Universums.<\/p>\n<p>Der Boden ist mit dem Modell <a href=\"https:\/\/www.compac.es\/color\/ice-black\/\">Ice Black von Compac<\/a> bedeckt, das den Nebel des Universums simuliert und ein Gef\u00fchl von Tiefe vermittelt.<\/p>\n<p>Die Pendelleuchten von A-Emotional Light, die die Sterne simulieren.<\/p>\n<p>&#8222;Alle Elemente sind so konzipiert, dass sie diesen r\u00e4tselhaften und kraftvollen Raum schaffen, der eine Hommage an das Universum ist&#8220;, erkl\u00e4rt Escenium.<\/p>\n<p>Escenium nimmt nun schon seit drei Ausgaben an der Marbella Design Art teil und erkl\u00e4rt: &#8222;Wir sind von der Veranstaltung und ihrer Organisation begeistert. Es ist eine sehr gepflegte Veranstaltung, die Kunst und Design miteinander verbindet, umgeben von gro\u00dfartigen Fachleuten aus der Welt der Kunst, der Innenarchitektur, der Dekoration und der Technologie, und das an einem einzigartigen Ort wie Marbella, bekannt als &#8222;Juwel der Costa del Sol&#8220;.<\/p>\n\t\t\t\t\t\t<\/div>\n\t\t\t\t<\/div>\n\t\t\t\t\t<\/div>\n\t\t\t\t<\/div>\n\t\t\t\t<\/div>\n\t\t","protected":false},"excerpt":{"rendered":"<p>ECLIPSE BY ESCENIUM ECLIPSE BY ESCENIUM Wir betreten einen magischen und r\u00e4tselhaften Raum, der auf Energie, Liebe und dem Universum basiert: ECLIPSE BY ESCENIUM. Die Legende besagt&#8230;Als die Sonne und der Mond sich zum ersten Mal trafen, verliebten sie sich unsterblich ineinander. Das Universum wurde erschaffen, und das Universum beschloss, die beiden zu trennen, damit [&hellip;]<\/p>\n","protected":false},"author":2,"featured_media":0,"parent":0,"menu_order":0,"comment_status":"closed","ping_status":"closed","template":"elementor_header_footer","meta":{"footnotes":""},"class_list":["post-15415","page","type-page","status-publish","hentry"],"aioseo_notices":[],"_links":{"self":[{"href":"https:\/\/decoluxeinteriordesign.com\/de\/wp-json\/wp\/v2\/pages\/15415","targetHints":{"allow":["GET"]}}],"collection":[{"href":"https:\/\/decoluxeinteriordesign.com\/de\/wp-json\/wp\/v2\/pages"}],"about":[{"href":"https:\/\/decoluxeinteriordesign.com\/de\/wp-json\/wp\/v2\/types\/page"}],"author":[{"embeddable":true,"href":"https:\/\/decoluxeinteriordesign.com\/de\/wp-json\/wp\/v2\/users\/2"}],"replies":[{"embeddable":true,"href":"https:\/\/decoluxeinteriordesign.com\/de\/wp-json\/wp\/v2\/comments?post=15415"}],"version-history":[{"count":10,"href":"https:\/\/decoluxeinteriordesign.com\/de\/wp-json\/wp\/v2\/pages\/15415\/revisions"}],"predecessor-version":[{"id":27328,"href":"https:\/\/decoluxeinteriordesign.com\/de\/wp-json\/wp\/v2\/pages\/15415\/revisions\/27328"}],"wp:attachment":[{"href":"https:\/\/decoluxeinteriordesign.com\/de\/wp-json\/wp\/v2\/media?parent=15415"}],"curies":[{"name":"wp","href":"https:\/\/api.w.org\/{rel}","templated":true}]}}